{"id":2458,"date":"2023-02-05T19:44:04","date_gmt":"2023-02-05T18:44:04","guid":{"rendered":"https:\/\/kravmagacaen.com\/wp-content\/uploads\/2023\/02\/self-defense-feminine-KMC-11-mars-2023.jpg"},"modified":"2023-02-05T19:44:13","modified_gmt":"2023-02-05T18:44:13","slug":"self-defense-feminine-kmc-11-mars-2023","status":"inherit","type":"attachment","link":"https:\/\/kravmagacaen.com\/index.php\/2023\/02\/05\/initiation-self-defense-100-feminine-2eme-edition\/self-defense-feminine-kmc-11-mars-2023\/","title":{"rendered":"self d\u00e9fense feminine KMC 11 mars 2023"},"author":3,"featured_media":0,"comment_status":"closed","ping_status":"closed","template":"","meta":{"_exactmetrics_skip_tracking":false,"_exactmetrics_sitenote_active":false,"_exactmetrics_sitenote_note":"","_exactmetrics_sitenote_category":0},"class_list":["post-2458","attachment","type-attachment","status-inherit","hentry","media_category-affiches"],"yoast_head":"<!-- This site is optimized with the Yoast SEO plugin v27.5 - https:\/\/yoast.com\/product\/yoast-seo-wordpress\/ -->\n<title>self d\u00e9fense feminine KMC 11 mars 2023 - Krav Maga Caen<\/title>\n<meta name=\"robots\" content=\"index, follow, max-snippet:-1, max-image-preview:large, max-video-preview:-1\" \/>\n<link rel=\"canonical\" href=\"https:\/\/kravmagacaen.com\/wp-content\/uploads\/2023\/02\/self-defense-feminine-KMC-11-mars-2023.jpg\" \/>\n<meta property=\"og:locale\" content=\"fr_FR\" \/>\n<meta property=\"og:type\" content=\"article\" \/>\n<meta property=\"og:title\" content=\"self d\u00e9fense feminine KMC 11 mars 2023 - Krav Maga Caen\" \/>\n<meta property=\"og:url\" content=\"https:\/\/kravmagacaen.com\/wp-content\/uploads\/2023\/02\/self-defense-feminine-KMC-11-mars-2023.jpg\" \/>\n<meta property=\"og:site_name\" content=\"Krav Maga Caen\" \/>\n<meta property=\"article:publisher\" content=\"https:\/\/www.facebook.com\/groups\/1646556705578289\/\" \/>\n<meta property=\"article:modified_time\" content=\"2023-02-05T18:44:13+00:00\" \/>\n<meta property=\"og:image\" content=\"https:\/\/kravmagacaen.com\/wp-content\/uploads\/2023\/02\/self-defense-feminine-KMC-11-mars-2023.jpg\" \/>\n\t<meta property=\"og:image:width\" content=\"1240\" \/>\n\t<meta property=\"og:image:height\" content=\"1754\" \/>\n\t<meta property=\"og:image:type\" content=\"image\/jpeg\" \/>\n<meta name=\"twitter:card\" content=\"summary_large_image\" \/>\n<script type=\"application\/ld+json\" class=\"yoast-schema-graph\">{\"@context\":\"https:\\\/\\\/schema.org\",\"@graph\":[{\"@type\":\"WebPage\",\"@id\":\"https:\\\/\\\/kravmagacaen.com\\\/wp-content\\\/uploads\\\/2023\\\/02\\\/self-defense-feminine-KMC-11-mars-2023.jpg\",\"url\":\"https:\\\/\\\/kravmagacaen.com\\\/wp-content\\\/uploads\\\/2023\\\/02\\\/self-defense-feminine-KMC-11-mars-2023.jpg\",\"name\":\"self d\u00e9fense feminine KMC 11 mars 2023 - Krav Maga Caen\",\"isPartOf\":{\"@id\":\"https:\\\/\\\/kravmagacaen.com\\\/#website\"},\"datePublished\":\"2023-02-05T18:44:04+00:00\",\"dateModified\":\"2023-02-05T18:44:13+00:00\",\"breadcrumb\":{\"@id\":\"https:\\\/\\\/kravmagacaen.com\\\/wp-content\\\/uploads\\\/2023\\\/02\\\/self-defense-feminine-KMC-11-mars-2023.jpg#breadcrumb\"},\"inLanguage\":\"fr-FR\",\"potentialAction\":[{\"@type\":\"ReadAction\",\"target\":[\"https:\\\/\\\/kravmagacaen.com\\\/wp-content\\\/uploads\\\/2023\\\/02\\\/self-defense-feminine-KMC-11-mars-2023.jpg\"]}]},{\"@type\":\"BreadcrumbList\",\"@id\":\"https:\\\/\\\/kravmagacaen.com\\\/wp-content\\\/uploads\\\/2023\\\/02\\\/self-defense-feminine-KMC-11-mars-2023.jpg#breadcrumb\",\"itemListElement\":[{\"@type\":\"ListItem\",\"position\":1,\"name\":\"Accueil\",\"item\":\"https:\\\/\\\/kravmagacaen.com\\\/\"},{\"@type\":\"ListItem\",\"position\":2,\"name\":\"Initiation Self d\u00e9fense 100% F\u00e9minine, 2\u00e8me \u00e9dition\",\"item\":\"https:\\\/\\\/kravmagacaen.com\\\/index.php\\\/2023\\\/02\\\/05\\\/initiation-self-defense-100-feminine-2eme-edition\\\/\"},{\"@type\":\"ListItem\",\"position\":3,\"name\":\"self d\u00e9fense feminine KMC 11 mars 2023\"}]},{\"@type\":\"WebSite\",\"@id\":\"https:\\\/\\\/kravmagacaen.com\\\/#website\",\"url\":\"https:\\\/\\\/kravmagacaen.com\\\/\",\"name\":\"Krav Maga Caen\",\"description\":\"Club affili\u00e9 \u00e0 la FEKM\",\"publisher\":{\"@id\":\"https:\\\/\\\/kravmagacaen.com\\\/#organization\"},\"potentialAction\":[{\"@type\":\"SearchAction\",\"target\":{\"@type\":\"EntryPoint\",\"urlTemplate\":\"https:\\\/\\\/kravmagacaen.com\\\/?s={search_term_string}\"},\"query-input\":{\"@type\":\"PropertyValueSpecification\",\"valueRequired\":true,\"valueName\":\"search_term_string\"}}],\"inLanguage\":\"fr-FR\"},{\"@type\":\"Organization\",\"@id\":\"https:\\\/\\\/kravmagacaen.com\\\/#organization\",\"name\":\"Krav Maga Caen USCC\",\"url\":\"https:\\\/\\\/kravmagacaen.com\\\/\",\"logo\":{\"@type\":\"ImageObject\",\"inLanguage\":\"fr-FR\",\"@id\":\"https:\\\/\\\/kravmagacaen.com\\\/#\\\/schema\\\/logo\\\/image\\\/\",\"url\":\"https:\\\/\\\/kravmagacaen.com\\\/wp-content\\\/uploads\\\/2017\\\/08\\\/poing_baptiste.jpg\",\"contentUrl\":\"https:\\\/\\\/kravmagacaen.com\\\/wp-content\\\/uploads\\\/2017\\\/08\\\/poing_baptiste.jpg\",\"width\":640,\"height\":852,\"caption\":\"Krav Maga Caen USCC\"},\"image\":{\"@id\":\"https:\\\/\\\/kravmagacaen.com\\\/#\\\/schema\\\/logo\\\/image\\\/\"},\"sameAs\":[\"https:\\\/\\\/www.facebook.com\\\/groups\\\/1646556705578289\\\/\"]}]}<\/script>\n<!-- \/ Yoast SEO plugin. -->","yoast_head_json":{"title":"self d\u00e9fense feminine KMC 11 mars 2023 - Krav Maga Caen","robots":{"index":"index","follow":"follow","max-snippet":"max-snippet:-1","max-image-preview":"max-image-preview:large","max-video-preview":"max-video-preview:-1"},"canonical":"https:\/\/kravmagacaen.com\/wp-content\/uploads\/2023\/02\/self-defense-feminine-KMC-11-mars-2023.jpg","og_locale":"fr_FR","og_type":"article","og_title":"self d\u00e9fense feminine KMC 11 mars 2023 - Krav Maga Caen","og_url":"https:\/\/kravmagacaen.com\/wp-content\/uploads\/2023\/02\/self-defense-feminine-KMC-11-mars-2023.jpg","og_site_name":"Krav Maga Caen","article_publisher":"https:\/\/www.facebook.com\/groups\/1646556705578289\/","article_modified_time":"2023-02-05T18:44:13+00:00","og_image":[{"width":1240,"height":1754,"url":"https:\/\/kravmagacaen.com\/wp-content\/uploads\/2023\/02\/self-defense-feminine-KMC-11-mars-2023.jpg","type":"image\/jpeg"}],"twitter_card":"summary_large_image","schema":{"@context":"https:\/\/schema.org","@graph":[{"@type":"WebPage","@id":"https:\/\/kravmagacaen.com\/wp-content\/uploads\/2023\/02\/self-defense-feminine-KMC-11-mars-2023.jpg","url":"https:\/\/kravmagacaen.com\/wp-content\/uploads\/2023\/02\/self-defense-feminine-KMC-11-mars-2023.jpg","name":"self d\u00e9fense feminine KMC 11 mars 2023 - Krav Maga Caen","isPartOf":{"@id":"https:\/\/kravmagacaen.com\/#website"},"datePublished":"2023-02-05T18:44:04+00:00","dateModified":"2023-02-05T18:44:13+00:00","breadcrumb":{"@id":"https:\/\/kravmagacaen.com\/wp-content\/uploads\/2023\/02\/self-defense-feminine-KMC-11-mars-2023.jpg#breadcrumb"},"inLanguage":"fr-FR","potentialAction":[{"@type":"ReadAction","target":["https:\/\/kravmagacaen.com\/wp-content\/uploads\/2023\/02\/self-defense-feminine-KMC-11-mars-2023.jpg"]}]},{"@type":"BreadcrumbList","@id":"https:\/\/kravmagacaen.com\/wp-content\/uploads\/2023\/02\/self-defense-feminine-KMC-11-mars-2023.jpg#breadcrumb","itemListElement":[{"@type":"ListItem","position":1,"name":"Accueil","item":"https:\/\/kravmagacaen.com\/"},{"@type":"ListItem","position":2,"name":"Initiation Self d\u00e9fense 100% F\u00e9minine, 2\u00e8me \u00e9dition","item":"https:\/\/kravmagacaen.com\/index.php\/2023\/02\/05\/initiation-self-defense-100-feminine-2eme-edition\/"},{"@type":"ListItem","position":3,"name":"self d\u00e9fense feminine KMC 11 mars 2023"}]},{"@type":"WebSite","@id":"https:\/\/kravmagacaen.com\/#website","url":"https:\/\/kravmagacaen.com\/","name":"Krav Maga Caen","description":"Club affili\u00e9 \u00e0 la FEKM","publisher":{"@id":"https:\/\/kravmagacaen.com\/#organization"},"potentialAction":[{"@type":"SearchAction","target":{"@type":"EntryPoint","urlTemplate":"https:\/\/kravmagacaen.com\/?s={search_term_string}"},"query-input":{"@type":"PropertyValueSpecification","valueRequired":true,"valueName":"search_term_string"}}],"inLanguage":"fr-FR"},{"@type":"Organization","@id":"https:\/\/kravmagacaen.com\/#organization","name":"Krav Maga Caen USCC","url":"https:\/\/kravmagacaen.com\/","logo":{"@type":"ImageObject","inLanguage":"fr-FR","@id":"https:\/\/kravmagacaen.com\/#\/schema\/logo\/image\/","url":"https:\/\/kravmagacaen.com\/wp-content\/uploads\/2017\/08\/poing_baptiste.jpg","contentUrl":"https:\/\/kravmagacaen.com\/wp-content\/uploads\/2017\/08\/poing_baptiste.jpg","width":640,"height":852,"caption":"Krav Maga Caen USCC"},"image":{"@id":"https:\/\/kravmagacaen.com\/#\/schema\/logo\/image\/"},"sameAs":["https:\/\/www.facebook.com\/groups\/1646556705578289\/"]}]}},"description":{"rendered":"<p class=\"attachment\"><a href='https:\/\/kravmagacaen.com\/wp-content\/uploads\/2023\/02\/self-defense-feminine-KMC-11-mars-2023.jpg'><img loading=\"lazy\" decoding=\"async\" width=\"212\" height=\"300\" src=\"https:\/\/kravmagacaen.com\/wp-content\/uploads\/2023\/02\/self-defense-feminine-KMC-11-mars-2023-212x300.jpg\" class=\"attachment-medium size-medium\" alt=\"\" srcset=\"https:\/\/kravmagacaen.com\/wp-content\/uploads\/2023\/02\/self-defense-feminine-KMC-11-mars-2023-212x300.jpg 212w, https:\/\/kravmagacaen.com\/wp-content\/uploads\/2023\/02\/self-defense-feminine-KMC-11-mars-2023-724x1024.jpg 724w, https:\/\/kravmagacaen.com\/wp-content\/uploads\/2023\/02\/self-defense-feminine-KMC-11-mars-2023-768x1086.jpg 768w, https:\/\/kravmagacaen.com\/wp-content\/uploads\/2023\/02\/self-defense-feminine-KMC-11-mars-2023-1086x1536.jpg 1086w, https:\/\/kravmagacaen.com\/wp-content\/uploads\/2023\/02\/self-defense-feminine-KMC-11-mars-2023-1000x1415.jpg 1000w, https:\/\/kravmagacaen.com\/wp-content\/uploads\/2023\/02\/self-defense-feminine-KMC-11-mars-2023-230x325.jpg 230w, https:\/\/kravmagacaen.com\/wp-content\/uploads\/2023\/02\/self-defense-feminine-KMC-11-mars-2023-350x495.jpg 350w, https:\/\/kravmagacaen.com\/wp-content\/uploads\/2023\/02\/self-defense-feminine-KMC-11-mars-2023-480x679.jpg 480w, https:\/\/kravmagacaen.com\/wp-content\/uploads\/2023\/02\/self-defense-feminine-KMC-11-mars-2023.jpg 1240w\" sizes=\"auto, (max-width: 212px) 100vw, 212px\" \/><\/a><\/p>\n"},"caption":{"rendered":""},"alt_text":"","media_type":"image","mime_type":"image\/jpeg","media_details":{"width":1240,"height":1754,"file":"2023\/02\/self-defense-feminine-KMC-11-mars-2023.jpg","filesize":392643,"sizes":{"medium":{"file":"self-defense-feminine-KMC-11-mars-2023-212x300.jpg","width":212,"height":300,"filesize":21685,"mime_type":"image\/jpeg","source_url":"https:\/\/kravmagacaen.com\/wp-content\/uploads\/2023\/02\/self-defense-feminine-KMC-11-mars-2023-212x300.jpg"},"large":{"file":"self-defense-feminine-KMC-11-mars-2023-724x1024.jpg","width":724,"height":1024,"filesize":162429,"mime_type":"image\/jpeg","source_url":"https:\/\/kravmagacaen.com\/wp-content\/uploads\/2023\/02\/self-defense-feminine-KMC-11-mars-2023-724x1024.jpg"},"thumbnail":{"file":"self-defense-feminine-KMC-11-mars-2023-150x150.jpg","width":150,"height":150,"filesize":10154,"mime_type":"image\/jpeg","source_url":"https:\/\/kravmagacaen.com\/wp-content\/uploads\/2023\/02\/self-defense-feminine-KMC-11-mars-2023-150x150.jpg"},"medium_large":{"file":"self-defense-feminine-KMC-11-mars-2023-768x1086.jpg","width":768,"height":1086,"filesize":179444,"mime_type":"image\/jpeg","source_url":"https:\/\/kravmagacaen.com\/wp-content\/uploads\/2023\/02\/self-defense-feminine-KMC-11-mars-2023-768x1086.jpg"},"1536x1536":{"file":"self-defense-feminine-KMC-11-mars-2023-1086x1536.jpg","width":1086,"height":1536,"filesize":325319,"mime_type":"image\/jpeg","source_url":"https:\/\/kravmagacaen.com\/wp-content\/uploads\/2023\/02\/self-defense-feminine-KMC-11-mars-2023-1086x1536.jpg"},"sydney-large-thumb":{"file":"self-defense-feminine-KMC-11-mars-2023-1000x1415.jpg","width":1000,"height":1415,"filesize":282324,"mime_type":"image\/jpeg","source_url":"https:\/\/kravmagacaen.com\/wp-content\/uploads\/2023\/02\/self-defense-feminine-KMC-11-mars-2023-1000x1415.jpg"},"sydney-medium-thumb":{"file":"self-defense-feminine-KMC-11-mars-2023-550x400.jpg","width":550,"height":400,"filesize":51030,"mime_type":"image\/jpeg","source_url":"https:\/\/kravmagacaen.com\/wp-content\/uploads\/2023\/02\/self-defense-feminine-KMC-11-mars-2023-550x400.jpg"},"sydney-small-thumb":{"file":"self-defense-feminine-KMC-11-mars-2023-230x325.jpg","width":230,"height":325,"filesize":24289,"mime_type":"image\/jpeg","source_url":"https:\/\/kravmagacaen.com\/wp-content\/uploads\/2023\/02\/self-defense-feminine-KMC-11-mars-2023-230x325.jpg"},"sydney-service-thumb":{"file":"self-defense-feminine-KMC-11-mars-2023-350x495.jpg","width":350,"height":495,"filesize":47895,"mime_type":"image\/jpeg","source_url":"https:\/\/kravmagacaen.com\/wp-content\/uploads\/2023\/02\/self-defense-feminine-KMC-11-mars-2023-350x495.jpg"},"sydney-mas-thumb":{"file":"self-defense-feminine-KMC-11-mars-2023-480x679.jpg","width":480,"height":679,"filesize":80341,"mime_type":"image\/jpeg","source_url":"https:\/\/kravmagacaen.com\/wp-content\/uploads\/2023\/02\/self-defense-feminine-KMC-11-mars-2023-480x679.jpg"},"full":{"file":"self-defense-feminine-KMC-11-mars-2023.jpg","width":1240,"height":1754,"mime_type":"image\/jpeg","source_url":"https:\/\/kravmagacaen.com\/wp-content\/uploads\/2023\/02\/self-defense-feminine-KMC-11-mars-2023.jpg"}},"image_meta":{"aperture":"0","credit":"","camera":"","caption":"","created_timestamp":"0","copyright":"","focal_length":"0","iso":"0","shutter_speed":"0","title":"","orientation":"0","keywords":[]}},"post":2455,"source_url":"https:\/\/kravmagacaen.com\/wp-content\/uploads\/2023\/02\/self-defense-feminine-KMC-11-mars-2023.jpg","_links":{"self":[{"href":"https:\/\/kravmagacaen.com\/index.php\/wp-json\/wp\/v2\/media\/2458","targetHints":{"allow":["GET"]}}],"collection":[{"href":"https:\/\/kravmagacaen.com\/index.php\/wp-json\/wp\/v2\/media"}],"about":[{"href":"https:\/\/kravmagacaen.com\/index.php\/wp-json\/wp\/v2\/types\/attachment"}],"author":[{"embeddable":true,"href":"https:\/\/kravmagacaen.com\/index.php\/wp-json\/wp\/v2\/users\/3"}],"replies":[{"embeddable":true,"href":"https:\/\/kravmagacaen.com\/index.php\/wp-json\/wp\/v2\/comments?post=2458"}],"wp:attached-to":[{"embeddable":true,"post_type":"post","id":2455,"href":"https:\/\/kravmagacaen.com\/index.php\/wp-json\/wp\/v2\/posts\/2455"}],"curies":[{"name":"wp","href":"https:\/\/api.w.org\/{rel}","templated":true}]}}